{"id":18439,"date":"2024-10-17T09:47:21","date_gmt":"2024-10-17T09:47:21","guid":{"rendered":"https:\/\/reempresa.org\/reempresa\/bizbarcelona\/bizbarcelona-2022\/"},"modified":"2025-05-27T11:03:23","modified_gmt":"2025-05-27T11:03:23","slug":"bizbarcelona-2022","status":"publish","type":"page","link":"https:\/\/reempresa.org\/es\/reempresa\/bizbarcelona\/bizbarcelona-2022\/","title":{"rendered":"BizBarcelona 2022"},"content":{"rendered":"<p>[et_pb_section fb_built=\u00bb1&#8243; _builder_version=\u00bb4.27.0&#8243; _module_preset=\u00bbdefault\u00bb background_image=\u00bbhttps:\/\/provareempresa.org\/wp-content\/uploads\/2024\/10\/BizBarcelona-2022-1.jpg\u00bb custom_padding=\u00bb200px||200px||false|false\u00bb da_disable_devices=\u00bboff|off|off\u00bb global_colors_info=\u00bb{}\u00bb da_is_popup=\u00bboff\u00bb da_exit_intent=\u00bboff\u00bb da_has_close=\u00bbon\u00bb da_alt_close=\u00bboff\u00bb da_dark_close=\u00bboff\u00bb da_not_modal=\u00bbon\u00bb da_is_singular=\u00bboff\u00bb da_with_loader=\u00bboff\u00bb da_has_shadow=\u00bbon\u00bb][\/et_pb_section][et_pb_section fb_built=\u00bb1&#8243; _builder_version=\u00bb4.27.0&#8243; _module_preset=\u00bbdefault\u00bb da_disable_devices=\u00bboff|off|off\u00bb global_colors_info=\u00bb{}\u00bb da_is_popup=\u00bboff\u00bb da_exit_intent=\u00bboff\u00bb da_has_close=\u00bbon\u00bb da_alt_close=\u00bboff\u00bb da_dark_close=\u00bboff\u00bb da_not_modal=\u00bbon\u00bb da_is_singular=\u00bboff\u00bb da_with_loader=\u00bboff\u00bb da_has_shadow=\u00bbon\u00bb][et_pb_row column_structure=\u00bb1_2,1_2&#8243; _builder_version=\u00bb4.27.0&#8243; _module_preset=\u00bbdefault\u00bb global_colors_info=\u00bb{}\u00bb][et_pb_column type=\u00bb1_2&#8243; _builder_version=\u00bb4.27.0&#8243; _module_preset=\u00bbdefault\u00bb global_colors_info=\u00bb{}\u00bb][et_pb_heading title=\u00bbBizBarcelona 2022&#8243; _builder_version=\u00bb4.27.0&#8243; _module_preset=\u00bbdefault\u00bb title_font_size=\u00bb38px\u00bb global_colors_info=\u00bb{}\u00bb][\/et_pb_heading][\/et_pb_column][et_pb_column type=\u00bb1_2&#8243; _builder_version=\u00bb4.27.0&#8243; _module_preset=\u00bbdefault\u00bb global_colors_info=\u00bb{}\u00bb][et_pb_text _builder_version=\u00bb4.27.0&#8243; _module_preset=\u00bbdefault\u00bb text_font_size=\u00bb20px\u00bb global_colors_info=\u00bb{}\u00bb]<\/p>\n<p><span><strong>Barcelona, 10 de noviembre del 2022.<\/strong> M\u00e1s de 300 persones emprendedoras y empresarias han asistido, este mi\u00e9rcoles y jueves, a las actividades que el Centro de <\/span><span class=\"hiddenSpellError\" onkeypress=\"MORFOLOGIK_RULE_CA_ES---#---0---#---Possible error ortogr\u00e0fic.---#---Reempla\u00e7a#Reapresa#Reempla\u00e7\u00e0#Reemprada#Reemprara#Reemprar\u00e0#Reemprassen#Reemprasses#Reemprava#Reempres#Reempressen#Reempresses#Reempr\u00e9s#Reempr\u00e9ssem#Reempr\u00e9sseu#Reexpressa#Reexpresse#Reexpress\u00e0#Reimpresa#Reempre sa#Reempres a---#---Reempresa---#---M\u00e9s de 300 persones emprenedores i empres\u00e0ries han assistit, aquest dimecres i dijous, a les activitats que el Centre de Reempresa de Catalunya ha organitzat al BizBarcelona, el sal\u00f3 de refer\u00e8ncia del m\u00f3n de l'emprenedoria i l'empresa.---#---43\">Reempresa<\/span><span> de Catalu\u00f1a ha organizado <\/span><span class=\"hiddenSpellError\" onkeypress=\"MORFOLOGIK_RULE_CA_ES---#---0---#---Possible error ortogr\u00e0fic.---#---Barcelona#FC Barcelona---#---BizBarcelona---#---M\u00e9s de 300 persones emprenedores i empres\u00e0ries han assistit, aquest dimecres i dijous, a les activitats que el Centre de Reempresa de Catalunya ha organitzat al BizBarcelona, el sal\u00f3 de refer\u00e8ncia del m\u00f3n de l'emprenedoria i l'empresa.---#---43\">BizBarcelona<\/span><span>, el sal\u00f3n de referencia del mundo del emprendimiento y la empresa.<\/span><\/p>\n<p><span class=\"hiddenSpellError\" onkeypress=\"MORFOLOGIK_RULE_CA_ES---#---0---#---Possible error ortogr\u00e0fic.---#---Reempla\u00e7a#Reapresa#Reempla\u00e7\u00e0#Reemprada#Reemprara#Reemprar\u00e0#Reemprassen#Reemprasses#Reemprava#Reempres#Reempressen#Reempresses#Reempr\u00e9s#Reempr\u00e9ssem#Reempr\u00e9sseu#Reexpressa#Reexpresse#Reexpress\u00e0#Reimpresa#Reempre sa#Reempres a---#---Reempresa---#---Reempresa ha organitzat quatre confer\u00e8ncies per acostar la transmissi\u00f3 empresarial en el m\u00f3n emprenedor, un teambuilding i els coneguts \" elevator=\"\" pitch=\"\" i=\"\" espai=\"\" de=\"\" matchings=\"\" que=\"\" pretenen=\"\" posar=\"\" en=\"\" contacte=\"\" a=\"\" persones=\"\" reemprenedores=\"\" volen=\"\" comprar=\"\" un=\"\" negoci=\"\" funcionament=\"\" amb=\"\" cedents=\"\" vendre=\"\" el=\"\" seu=\"\" perqu=\"\" aquest=\"\" tingui=\"\" relleu=\"\" ---=\"\" ---43=\"\">Reempresa<\/span><span> ha organizado cuatro conferencias para acercar la transmisi\u00f3n empresarial en el mundo emprendedor, un <\/span><span class=\"hiddenSpellError\" onkeypress=\"MORFOLOGIK_RULE_CA_ES---#---0---#---Possible error ortogr\u00e0fic.---#---team building---#---teambuilding---#---Reempresa ha organitzat quatre confer\u00e8ncies per acostar la transmissi\u00f3 empresarial en el m\u00f3n emprenedor, un teambuilding i els coneguts \" elevator=\"\" pitch=\"\" i=\"\" espai=\"\" de=\"\" matchings=\"\" que=\"\" pretenen=\"\" posar=\"\" en=\"\" contacte=\"\" a=\"\" persones=\"\" reemprenedores=\"\" volen=\"\" comprar=\"\" un=\"\" negoci=\"\" funcionament=\"\" amb=\"\" cedents=\"\" vendre=\"\" el=\"\" seu=\"\" perqu=\"\" aquest=\"\" tingui=\"\" relleu=\"\" ---=\"\" ---43=\"\">teambuilding<\/span><span> y los conocidos \u00ab<\/span><span class=\"hiddenSpellError\" onkeypress=\"MORFOLOGIK_RULE_CA_ES---#---0---#---Possible error ortogr\u00e0fic.---#---Elevador#Elevatori#Eleva tor#Elevat or---#---Elevator---#---Reempresa ha organitzat quatre confer\u00e8ncies per acostar la transmissi\u00f3 empresarial en el m\u00f3n emprenedor, un teambuilding i els coneguts \" elevator=\"\" pitch=\"\" i=\"\" espai=\"\" de=\"\" matchings=\"\" que=\"\" pretenen=\"\" posar=\"\" en=\"\" contacte=\"\" a=\"\" persones=\"\" reemprenedores=\"\" volen=\"\" comprar=\"\" un=\"\" negoci=\"\" funcionament=\"\" amb=\"\" cedents=\"\" vendre=\"\" el=\"\" seu=\"\" perqu=\"\" aquest=\"\" tingui=\"\" relleu=\"\" ---=\"\" ---43=\"\">Elevator<\/span><span> <\/span><span class=\"hiddenSpellError\" onkeypress=\"MORFOLOGIK_RULE_CA_ES---#---0---#---Possible error ortogr\u00e0fic.---#---Fitx#Pinx#Pitxi---#---Pitch---#---Reempresa ha organitzat quatre confer\u00e8ncies per acostar la transmissi\u00f3 empresarial en el m\u00f3n emprenedor, un teambuilding i els coneguts \" elevator=\"\" pitch=\"\" i=\"\" espai=\"\" de=\"\" matchings=\"\" que=\"\" pretenen=\"\" posar=\"\" en=\"\" contacte=\"\" a=\"\" persones=\"\" reemprenedores=\"\" volen=\"\" comprar=\"\" un=\"\" negoci=\"\" funcionament=\"\" amb=\"\" cedents=\"\" vendre=\"\" el=\"\" seu=\"\" perqu=\"\" aquest=\"\" tingui=\"\" relleu=\"\" ---=\"\" ---43=\"\">Pitch<\/span><span>\u00bb y \u00abEspacio de <\/span><span class=\"hiddenSpellError\" onkeypress=\"MORFOLOGIK_RULE_CA_ES---#---0---#---Possible error ortogr\u00e0fic.---#---Matxines---#---Matchings---#---Reempresa ha organitzat quatre confer\u00e8ncies per acostar la transmissi\u00f3 empresarial en el m\u00f3n emprenedor, un teambuilding i els coneguts \" elevator=\"\" pitch=\"\" i=\"\" espai=\"\" de=\"\" matchings=\"\" que=\"\" pretenen=\"\" posar=\"\" en=\"\" contacte=\"\" a=\"\" persones=\"\" reemprenedores=\"\" volen=\"\" comprar=\"\" un=\"\" negoci=\"\" funcionament=\"\" amb=\"\" cedents=\"\" vendre=\"\" el=\"\" seu=\"\" perqu=\"\" aquest=\"\" tingui=\"\" relleu=\"\" ---=\"\" ---43=\"\">Matchings<\/span><span>\u00bb que pretenden poner en contacto a personas <\/span><span class=\"hiddenGrammarError\" onkeypress=\"REEMPRENDRE---#---3---#---Cal usar el v. \u2018reprendre\u2019.---#---reprenedores---#---reemprenedores---#---Reempresa ha organitzat quatre confer\u00e8ncies per acostar la transmissi\u00f3 empresarial en el m\u00f3n emprenedor, un teambuilding i els coneguts \" elevator=\"\" pitch=\"\" i=\"\" espai=\"\" de=\"\" matchings=\"\" que=\"\" pretenen=\"\" posar=\"\" en=\"\" contacte=\"\" a=\"\" persones=\"\" reemprenedores=\"\" volen=\"\" comprar=\"\" un=\"\" negoci=\"\" funcionament=\"\" amb=\"\" cedents=\"\" vendre=\"\" el=\"\" seu=\"\" perqu=\"\" aquest=\"\" tingui=\"\" relleu=\"\" ---=\"\" ---43=\"\">reemprenedoras<\/span><span> que quieren comprar un negocio en funcionamiento con personas cedentes que quieren vender su negocio porque este tenga un relevo.<\/span><\/p>\n<p><span>Por Laura Sallent, directora del Centro de <\/span><span class=\"hiddenSpellError\" onkeypress=\"MORFOLOGIK_RULE_CA_ES---#---0---#---Possible error ortogr\u00e0fic.---#---Reempla\u00e7a#Reapresa#Reempla\u00e7\u00e0#Reemprada#Reemprara#Reemprar\u00e0#Reemprassen#Reemprasses#Reemprava#Reempres#Reempressen#Reempresses#Reempr\u00e9s#Reempr\u00e9ssem#Reempr\u00e9sseu#Reexpressa#Reexpresse#Reexpress\u00e0#Reimpresa#Reempre sa#Reempres a---#---Reempresa---#---Per Laura Sallent, directora del Centre de Reempresa de Catalunya, \" participar=\"\" en=\"\" aquest=\"\" esdeveniment=\"\" s=\"\" una=\"\" gran=\"\" oportunitat=\"\" per=\"\" seguir=\"\" donant=\"\" a=\"\" con=\"\" ixer=\"\" reempresa=\"\" i=\"\" tots=\"\" els=\"\" seus=\"\" programes=\"\" ---=\"\" ---43=\"\">Reempresa<\/span><span> de Catalu\u00f1a, \u00abparticipar en este acontecimiento es una gran oportunidad para <\/span><span>continuar<\/span><span> dando a conocer <\/span><span class=\"hiddenSpellError\" onkeypress=\"MORFOLOGIK_RULE_CA_ES---#---0---#---Possible error ortogr\u00e0fic.---#---Reempla\u00e7a#Reapresa#Reempla\u00e7\u00e0#Reemprada#Reemprara#Reemprar\u00e0#Reemprassen#Reemprasses#Reemprava#Reempres#Reempressen#Reempresses#Reempr\u00e9s#Reempr\u00e9ssem#Reempr\u00e9sseu#Reexpressa#Reexpresse#Reexpress\u00e0#Reimpresa#Reempre sa#Reempres a---#---Reempresa---#---Per Laura Sallent, directora del Centre de Reempresa de Catalunya, \" participar=\"\" en=\"\" aquest=\"\" esdeveniment=\"\" s=\"\" una=\"\" gran=\"\" oportunitat=\"\" per=\"\" seguir=\"\" donant=\"\" a=\"\" con=\"\" ixer=\"\" reempresa=\"\" i=\"\" tots=\"\" els=\"\" seus=\"\" programes=\"\" ---=\"\" ---43=\"\">a Reempresa<\/span><span> y todos sus programas\u00bb. Sallent ha querido destacar la importancia de dar un espacio en este sal\u00f3n \u00aba la transmisi\u00f3n empresarial y en otros programas como <\/span><span class=\"hiddenSpellError\" onkeypress=\"MORFOLOGIK_RULE_CA_ES---#---0---#---Possible error ortogr\u00e0fic.---#---L'empresa---#---HelpEmpresa---#---Sallent ha volgut destacar la import\u00e0ncia de donar un espai en aquest sal\u00f3 \" a=\"\" la=\"\" transmissi=\"\" empresarial=\"\" i=\"\" altres=\"\" programes=\"\" com=\"\" helpempresa=\"\" o=\"\" recreixement=\"\" ---=\"\" ---43=\"\">HelpEmpresa<\/span><span> o Recreixement\u00bb.<\/span><\/p>\n<p><span class=\"hiddenSpellError\" onkeypress=\"MORFOLOGIK_RULE_CA_ES---#---0---#---Possible error ortogr\u00e0fic.---#---Reempla\u00e7a#Reapresa#Reempla\u00e7\u00e0#Reemprada#Reemprara#Reemprar\u00e0#Reemprassen#Reemprasses#Reemprava#Reempres#Reempressen#Reempresses#Reempr\u00e9s#Reempr\u00e9ssem#Reempr\u00e9sseu#Reexpressa#Reexpresse#Reexpress\u00e0#Reimpresa#Reempre sa#Reempres a---#---Reempresa---#---Reempresa ha organitzat una confer\u00e8ncia sobre els 7 obstacles a evitar en la compra d'una empresa en qu\u00e8 ha explicat com afrontar les barreres m\u00e9s comunes que et pots trobar a l'hora de comprar una empresa.---#---43\">Reempresa<\/span><span> ha organizado una conferencia sobre los 7 obst\u00e1culos a evitar en la compra de una empresa en que ha explicado c\u00f3mo afrontar las barreras m\u00e1s comunes que te puedes encontrar en la hora de comprar una empresa. En el \u00e1mbito financiero, ha organizado una conferencia sobre como valorar y <\/span><span class=\"hiddenSpellError\" onkeypress=\"MORFOLOGIK_RULE_CA_ES---#---0---#---Possible error ortogr\u00e0fic.---#---finan\u00e7ar-la#financera#finan\u00e7ar\u00e0#finan\u00e7aria#finan\u00e7able#finan\u00e7ara#finan\u00e7ar la---#---finan\u00e7arla---#---En l'\u00e0mbit financer, ha organitzat una confer\u00e8ncia sobre com valorar i finan\u00e7arla compra d'una empresa per posar en valor i donar resposta a les seg\u00fcents q\u00fcestions: de qu\u00e8 dep\u00e8n el valor d'una empresa?---#---43\">financiar la<\/span><span> compra de una empresa para<\/span><span> poner en valor y dar respuesta a las siguientes cuestiones: \u00bfDe qu\u00e9 depende el valor de una empresa? \u00bfY el precio? \u00bfC\u00f3mo se puede financiar la compra de una empresa que ya est\u00e1 en funcionamiento? \u00bfQu\u00e9 opciones nos ofrece el mercado actualmente? <\/span><\/p>\n<p><span> Tambi\u00e9n ha presentado una conferencia sobre resiliencia empresarial en tiempo de cambios a cargo de Laura Sallent, directora del Centro de <\/span><span class=\"hiddenSpellError\" onkeypress=\"MORFOLOGIK_RULE_CA_ES---#---0---#---Possible error ortogr\u00e0fic.---#---Reempla\u00e7a#Reapresa#Reempla\u00e7\u00e0#Reemprada#Reemprara#Reemprar\u00e0#Reemprassen#Reemprasses#Reemprava#Reempres#Reempressen#Reempresses#Reempr\u00e9s#Reempr\u00e9ssem#Reempr\u00e9sseu#Reexpressa#Reexpresse#Reexpress\u00e0#Reimpresa#Reempre sa#Reempres a---#---Reempresa---#---Tamb\u00e9 ha presentat una confer\u00e8ncia sobre resili\u00e8ncia empresarial en temps de canvis a c\u00e0rrec de Laura Sallent, directora del Centre de Reempresa de Catalunya i HelpEmpresa.---#---43\">Reempresa<\/span><span> de Catalu\u00f1a y <\/span><span class=\"hiddenSpellError\" onkeypress=\"MORFOLOGIK_RULE_CA_ES---#---0---#---Possible error ortogr\u00e0fic.---#---L'empresa---#---HelpEmpresa---#---Tamb\u00e9 ha presentat una confer\u00e8ncia sobre resili\u00e8ncia empresarial en temps de canvis a c\u00e0rrec de Laura Sallent, directora del Centre de Reempresa de Catalunya i HelpEmpresa.---#---43\">HelpEmpresa<\/span><span>. La directora del programa ha hablado sobre la preparaci\u00f3n de los negocios para que sean m\u00e1s fuertes y resilientes ante los cambios y las crisis, y sobre las herramientas que hay a su disposici\u00f3n para poder hacer una fotograf\u00eda real de la <\/span><span>misma <\/span><span>empresa.<\/span><\/p>\n<p><span>Por otro lado, <\/span><span class=\"hiddenSpellError\" onkeypress=\"MORFOLOGIK_RULE_CA_ES---#---0---#---Possible error ortogr\u00e0fic.---#---Reempla\u00e7a#Reapresa#Reempla\u00e7\u00e0#Reemprada#Reemprara#Reemprar\u00e0#Reemprassen#Reemprasses#Reemprava#Reempres#Reempressen#Reempresses#Reempr\u00e9s#Reempr\u00e9ssem#Reempr\u00e9sseu#Reexpressa#Reexpresse#Reexpress\u00e0#Reimpresa#Reempre sa#Reempres a---#---Reempresa---#---Per altre costat, Reempresa ha organitzat un workshopsobreel Model de Negoci del programa de Recreixement, en el que ha proposat una metodologia que ajudar\u00e0 a desplegar el potencial de les empreses.---#---43\">Reempresa<\/span><span> ha organizado un <\/span><span>workshop sobre el<\/span><span> Modelo de Negocio del programa de Recreixement, en el que ha propuesto una metodolog\u00eda que ayudar\u00e1 a desplegar el potencial de las empresas.<\/span><\/p>\n<p><span>M\u00e1s de 3.700 empresas salvaguardadas desde el 2011<\/span><\/p>\n<p><span class=\"hiddenSpellError\" onkeypress=\"MORFOLOGIK_RULE_CA_ES---#---0---#---Possible error ortogr\u00e0fic.---#---Reempla\u00e7a#Reapresa#Reempla\u00e7\u00e0#Reemprada#Reemprara#Reemprar\u00e0#Reemprassen#Reemprasses#Reemprava#Reempres#Reempressen#Reempresses#Reempr\u00e9s#Reempr\u00e9ssem#Reempr\u00e9sseu#Reexpressa#Reexpresse#Reexpress\u00e0#Reimpresa#Reempre sa#Reempres a---#---Reempresa---#---Reempresa ha arribat al sal\u00f3 BizBarcelona havent evitat el tancament de m\u00e9s de 3.700 negocis catalans des del 2011.---#---43\">Reempresa<\/span><span> ha llegado al sal\u00f3n<\/span><span class=\"hiddenSpellError\" onkeypress=\"MORFOLOGIK_RULE_CA_ES---#---0---#---Possible error ortogr\u00e0fic.---#---Barcelona#FC Barcelona---#---BizBarcelona---#---Reempresa ha arribat al sal\u00f3 BizBarcelona havent evitat el tancament de m\u00e9s de 3.700 negocis catalans des del 2011.---#---43\">BizBarcelona<\/span><span> habiendo evitado el cierre de m\u00e1s de 3.700 negocios catalanes desde el 2011. Estos casos de \u00e9xito han generado una inversi\u00f3n inducida de m\u00e1s de 178M de euros y han permitido salvaguardar m\u00e1s de 10.500 puestos de trabajo en Catalu\u00f1a. <\/span><\/p>\n<p><span>Actualmente <\/span><span class=\"hiddenSpellError\" onkeypress=\"MORFOLOGIK_RULE_CA_ES---#---0---#---Possible error ortogr\u00e0fic.---#---Reempla\u00e7a#Reapresa#Reempla\u00e7\u00e0#Reemprada#Reemprara#Reemprar\u00e0#Reemprassen#Reemprasses#Reemprava#Reempres#Reempressen#Reempresses#Reempr\u00e9s#Reempr\u00e9ssem#Reempr\u00e9sseu#Reexpressa#Reexpresse#Reexpress\u00e0#Reimpresa#Reempre sa#Reempres a---#---Reempresa---#---Actualment Reempresa compta amb el suport del Departament d'Empresa i Treball de la Generalitat de Catalunya, de la Diputaci\u00f3 de Barcelona, Girona, Lleida i Tarragona, de Barcelona Activa, entre moltes altres entitats i institucions.---#---43\">Reempresa<\/span><span> cuenta con el apoyo del Departamento de Empresa y Trabajo de la Generalitat de Catalu\u00f1a, de la Diputaci\u00f3n de Barcelona, Girona, Lleida y Tarragona, de Barcelona Activa, entre otras muchas entidades e instituciones.<br \/><\/span><br \/><span>Como novedad, <\/span><span class=\"hiddenSpellError\" onkeypress=\"MORFOLOGIK_RULE_CA_ES---#---0---#---Possible error ortogr\u00e0fic.---#---Reempla\u00e7a#Reapresa#Reempla\u00e7\u00e0#Reemprada#Reemprara#Reemprar\u00e0#Reemprassen#Reemprasses#Reemprava#Reempres#Reempressen#Reempresses#Reempr\u00e9s#Reempr\u00e9ssem#Reempr\u00e9sseu#Reexpressa#Reexpresse#Reexpress\u00e0#Reimpresa#Reempre sa#Reempres a---#---Reempresa---#---Com a novetat, Reempresa va presentar l'\" elevator=\"\" pitch=\"\" d=\"\" empreses=\"\" a=\"\" la=\"\" venda=\"\" un=\"\" espai=\"\" innovador=\"\" pensat=\"\" perqu=\"\" empresaris=\"\" que=\"\" volen=\"\" vendre=\"\" seva=\"\" empresa=\"\" puguin=\"\" donar-la=\"\" con=\"\" ixer=\"\" en=\"\" poc=\"\" m=\"\" s=\"\" de=\"\" tres=\"\" minuts=\"\" possibles=\"\" emprenedors=\"\" es=\"\" plantejar=\"\" reemprendre-la=\"\" ---=\"\" ---43=\"\">Reempresa<\/span><span> present\u00f3 el \u00ab<\/span><span class=\"hiddenSpellError\" onkeypress=\"MORFOLOGIK_RULE_CA_ES---#---0---#---Possible error ortogr\u00e0fic.---#---Elevador#Elevatori#Eleva tor#Elevat or---#---Elevator---#---Com a novetat, Reempresa va presentar l'\" elevator=\"\" pitch=\"\" d=\"\" empreses=\"\" a=\"\" la=\"\" venda=\"\" un=\"\" espai=\"\" innovador=\"\" pensat=\"\" perqu=\"\" empresaris=\"\" que=\"\" volen=\"\" vendre=\"\" seva=\"\" empresa=\"\" puguin=\"\" donar-la=\"\" con=\"\" ixer=\"\" en=\"\" poc=\"\" m=\"\" s=\"\" de=\"\" tres=\"\" minuts=\"\" possibles=\"\" emprenedors=\"\" es=\"\" plantejar=\"\" reemprendre-la=\"\" ---=\"\" ---43=\"\">Elevator<\/span><span> <\/span><span class=\"hiddenSpellError\" onkeypress=\"MORFOLOGIK_RULE_CA_ES---#---0---#---Possible error ortogr\u00e0fic.---#---Fitx#Pinx#Pitxi---#---Pitch---#---Com a novetat, Reempresa va presentar l'\" elevator=\"\" pitch=\"\" d=\"\" empreses=\"\" a=\"\" la=\"\" venda=\"\" un=\"\" espai=\"\" innovador=\"\" pensat=\"\" perqu=\"\" empresaris=\"\" que=\"\" volen=\"\" vendre=\"\" seva=\"\" empresa=\"\" puguin=\"\" donar-la=\"\" con=\"\" ixer=\"\" en=\"\" poc=\"\" m=\"\" s=\"\" de=\"\" tres=\"\" minuts=\"\" possibles=\"\" emprenedors=\"\" es=\"\" plantejar=\"\" reemprendre-la=\"\" ---=\"\" ---43=\"\">Pitch<\/span><span>\u00bb de empresas a la venta, un espacio innovador pensado porque empresarios que quieren vender su empresa puedan darla a conocer en poco m\u00e1s de tres minutos a posibles emprendedores que se puedan plantear <\/span><span class=\"hiddenGrammarError\" onkeypress=\"REEMPRENDRE---#---3---#---Cal usar el v. \u2018reprendre\u2019.---#---reprendre---#---reemprendre---#---Com a novetat, Reempresa va presentar l'\" elevator=\"\" pitch=\"\" d=\"\" empreses=\"\" a=\"\" la=\"\" venda=\"\" un=\"\" espai=\"\" innovador=\"\" pensat=\"\" perqu=\"\" empresaris=\"\" que=\"\" volen=\"\" vendre=\"\" seva=\"\" empresa=\"\" puguin=\"\" donar-la=\"\" con=\"\" ixer=\"\" en=\"\" poc=\"\" m=\"\" s=\"\" de=\"\" tres=\"\" minuts=\"\" possibles=\"\" emprenedors=\"\" es=\"\" plantejar=\"\" reemprendre-la=\"\" ---=\"\" ---43=\"\">reemprender<\/span><span>la.<\/span><\/p>\n<p><span> Los m\u00e1s de 350 emprendedores y empresarios que participaron en las conferencias y actividades de <\/span><span class=\"hiddenSpellError\" onkeypress=\"MORFOLOGIK_RULE_CA_ES---#---0---#---Possible error ortogr\u00e0fic.---#---Reempla\u00e7a#Reapresa#Reempla\u00e7\u00e0#Reemprada#Reemprara#Reemprar\u00e0#Reemprassen#Reemprasses#Reemprava#Reempres#Reempressen#Reempresses#Reempr\u00e9s#Reempr\u00e9ssem#Reempr\u00e9sseu#Reexpressa#Reexpresse#Reexpress\u00e0#Reimpresa#Reempre sa#Reempres a---#---Reempresa---#---Els m\u00e9s de 350 emprenedors i empresaris que van participar en les confer\u00e8ncies i activitats de Reempresa al BizBarcelona van poder aprendre les principals t\u00e8cniques de valoraci\u00f3 d'empreses, de creixement o les alternatives de finan\u00e7ament, i tamb\u00e9 els avantatges de reemprendre en comptes de crear una empresa des de zero i les principals difer\u00e8ncies entre negociar i regatejar a l'hora de comprar o vendre un negoci en funcionament.---#---43\">Reempresa<\/span><span>en el <\/span><span class=\"hiddenSpellError\" onkeypress=\"MORFOLOGIK_RULE_CA_ES---#---0---#---Possible error ortogr\u00e0fic.---#---Barcelona#FC Barcelona---#---BizBarcelona---#---Els m\u00e9s de 350 emprenedors i empresaris que van participar en les confer\u00e8ncies i activitats de Reempresa al BizBarcelona van poder aprendre les principals t\u00e8cniques de valoraci\u00f3 d'empreses, de creixement o les alternatives de finan\u00e7ament, i tamb\u00e9 els avantatges de reemprendre en comptes de crear una empresa des de zero i les principals difer\u00e8ncies entre negociar i regatejar a l'hora de comprar o vendre un negoci en funcionament.---#---43\">BizBarcelona<\/span><span> pudieron aprender las principales t\u00e9cnicas de valoraci\u00f3n de empresas, de crecimiento o las alternativas de financiaci\u00f3n, y tambi\u00e9n las ventajas de <\/span><span class=\"hiddenGrammarError\" onkeypress=\"REEMPRENDRE---#---3---#---Cal usar el v. \u2018reprendre\u2019.---#---reprendre---#---reemprendre---#---Els m\u00e9s de 350 emprenedors i empresaris que van participar en les confer\u00e8ncies i activitats de Reempresa al BizBarcelona van poder aprendre les principals t\u00e8cniques de valoraci\u00f3 d'empreses, de creixement o les alternatives de finan\u00e7ament, i tamb\u00e9 els avantatges de reemprendre en comptes de crear una empresa des de zero i les principals difer\u00e8ncies entre negociar i regatejar a l'hora de comprar o vendre un negoci en funcionament.---#---43\">reemprender<\/span><span> en vez de crear una empresa desde cero y las principales diferencias entre negociar y regatear en la hora de comprar o vender un negocio en funcionamiento. En todas las conferencias de <\/span><span class=\"hiddenSpellError\" onkeypress=\"MORFOLOGIK_RULE_CA_ES---#---0---#---Possible error ortogr\u00e0fic.---#---Reempla\u00e7a#Reapresa#Reempla\u00e7\u00e0#Reemprada#Reemprara#Reemprar\u00e0#Reemprassen#Reemprasses#Reemprava#Reempres#Reempressen#Reempresses#Reempr\u00e9s#Reempr\u00e9ssem#Reempr\u00e9sseu#Reexpressa#Reexpresse#Reexpress\u00e0#Reimpresa#Reempre sa#Reempres a---#---Reempresa---#---A totes les confer\u00e8ncies de Reempresa hi van participar testimonials del servei, que van poder apropar als cedents i reemprenedors la seva experi\u00e8ncia amb el servei.---#---43\">Reempresa<\/span><span> participaron testimoniales del servicio, que pudieron acercar a los cedentes y <\/span><span class=\"hiddenGrammarError\" onkeypress=\"REEMPRENDRE---#---3---#---Cal usar el v. \u2018reprendre\u2019.---#---reprenedors---#---reemprenedors---#---A totes les confer\u00e8ncies de Reempresa hi van participar testimonials del servei, que van poder apropar als cedents i reemprenedors la seva experi\u00e8ncia amb el servei.---#---43\">reemprendedores<\/span> <span>su experiencia con el servicio.<\/span><\/p>\n<p><span>Por Albert Colomer, director del Centro de <\/span><span class=\"hiddenSpellError\" onkeypress=\"MORFOLOGIK_RULE_CA_ES---#---0---#---Possible error ortogr\u00e0fic.---#---Reempla\u00e7a#Reapresa#Reempla\u00e7\u00e0#Reemprada#Reemprara#Reemprar\u00e0#Reemprassen#Reemprasses#Reemprava#Reempres#Reempressen#Reempresses#Reempr\u00e9s#Reempr\u00e9ssem#Reempr\u00e9sseu#Reexpressa#Reexpresse#Reexpress\u00e0#Reimpresa#Reempre sa#Reempres a---#---Reempresa---#---Per Albert Colomer, director del Centre de Reempresa de Catalunya, \" el=\"\" bizbarcelona=\"\" s=\"\" millor=\"\" espai=\"\" perqu=\"\" un=\"\" cedent=\"\" i=\"\" reemprenedor=\"\" es=\"\" puguin=\"\" con=\"\" ixer=\"\" va=\"\" voler=\"\" destacar=\"\" que=\"\" reempresa=\"\" ha=\"\" ofert=\"\" durant=\"\" els=\"\" dos=\"\" dies=\"\" del=\"\" sal=\"\" eines=\"\" aquests=\"\" cedents=\"\" reemprenedors=\"\" vendre=\"\" o=\"\" comprar=\"\" una=\"\" empresa=\"\" amb=\"\" m=\"\" xim=\"\" de=\"\" seguretat=\"\" confian=\"\" a=\"\" ---=\"\" ---43=\"\">Reempresa<\/span><span> de Catalu\u00f1a, \u00abel <\/span><span class=\"hiddenSpellError\" onkeypress=\"MORFOLOGIK_RULE_CA_ES---#---0---#---Possible error ortogr\u00e0fic.---#---Barcelona#FC Barcelona---#---BizBarcelona---#---Per Albert Colomer, director del Centre de Reempresa de Catalunya, \" el=\"\" bizbarcelona=\"\" s=\"\" millor=\"\" espai=\"\" perqu=\"\" un=\"\" cedent=\"\" i=\"\" reemprenedor=\"\" es=\"\" puguin=\"\" con=\"\" ixer=\"\" va=\"\" voler=\"\" destacar=\"\" que=\"\" reempresa=\"\" ha=\"\" ofert=\"\" durant=\"\" els=\"\" dos=\"\" dies=\"\" del=\"\" sal=\"\" eines=\"\" aquests=\"\" cedents=\"\" reemprenedors=\"\" vendre=\"\" o=\"\" comprar=\"\" una=\"\" empresa=\"\" amb=\"\" m=\"\" xim=\"\" de=\"\" seguretat=\"\" confian=\"\" a=\"\" ---=\"\" ---43=\"\">BizBarcelona<\/span><span> es el mejor espacio para que un cedente y un <\/span><span class=\"hiddenGrammarError\" onkeypress=\"REEMPRENDRE---#---3---#---Cal usar el v. \u2018reprendre\u2019.---#---reprenedor---#---reemprenedor---#---Per Albert Colomer, director del Centre de Reempresa de Catalunya, \" el=\"\" bizbarcelona=\"\" s=\"\" millor=\"\" espai=\"\" perqu=\"\" un=\"\" cedent=\"\" i=\"\" reemprenedor=\"\" es=\"\" puguin=\"\" con=\"\" ixer=\"\" va=\"\" voler=\"\" destacar=\"\" que=\"\" reempresa=\"\" ha=\"\" ofert=\"\" durant=\"\" els=\"\" dos=\"\" dies=\"\" del=\"\" sal=\"\" eines=\"\" aquests=\"\" cedents=\"\" reemprenedors=\"\" vendre=\"\" o=\"\" comprar=\"\" una=\"\" empresa=\"\" amb=\"\" m=\"\" xim=\"\" de=\"\" seguretat=\"\" confian=\"\" a=\"\" ---=\"\" ---43=\"\">reemprendedor<\/span><span> puedan conocer\u00bb y quiso destacar que \u00ab<\/span><span class=\"hiddenSpellError\" onkeypress=\"MORFOLOGIK_RULE_CA_ES---#---0---#---Possible error ortogr\u00e0fic.---#---Reempla\u00e7a#Reapresa#Reempla\u00e7\u00e0#Reemprada#Reemprara#Reemprar\u00e0#Reemprassen#Reemprasses#Reemprava#Reempres#Reempressen#Reempresses#Reempr\u00e9s#Reempr\u00e9ssem#Reempr\u00e9sseu#Reexpressa#Reexpresse#Reexpress\u00e0#Reimpresa#Reempre sa#Reempres a---#---Reempresa---#---Per Albert Colomer, director del Centre de Reempresa de Catalunya, \" el=\"\" bizbarcelona=\"\" s=\"\" millor=\"\" espai=\"\" perqu=\"\" un=\"\" cedent=\"\" i=\"\" reemprenedor=\"\" es=\"\" puguin=\"\" con=\"\" ixer=\"\" va=\"\" voler=\"\" destacar=\"\" que=\"\" reempresa=\"\" ha=\"\" ofert=\"\" durant=\"\" els=\"\" dos=\"\" dies=\"\" del=\"\" sal=\"\" eines=\"\" aquests=\"\" cedents=\"\" reemprenedors=\"\" vendre=\"\" o=\"\" comprar=\"\" una=\"\" empresa=\"\" amb=\"\" m=\"\" xim=\"\" de=\"\" seguretat=\"\" confian=\"\" a=\"\" ---=\"\" ---43=\"\">Reempresa<\/span><span> ha ofrecido, durante los dos d\u00edas del sal\u00f3n, herramientas para que estos cedentes y <\/span><span class=\"hiddenGrammarError\" onkeypress=\"REEMPRENDRE---#---3---#---Cal usar el v. \u2018reprendre\u2019.---#---reprenedors---#---reemprenedors---#---Per Albert Colomer, director del Centre de Reempresa de Catalunya, \" el=\"\" bizbarcelona=\"\" s=\"\" millor=\"\" espai=\"\" perqu=\"\" un=\"\" cedent=\"\" i=\"\" reemprenedor=\"\" es=\"\" puguin=\"\" con=\"\" ixer=\"\" va=\"\" voler=\"\" destacar=\"\" que=\"\" reempresa=\"\" ha=\"\" ofert=\"\" durant=\"\" els=\"\" dos=\"\" dies=\"\" del=\"\" sal=\"\" eines=\"\" aquests=\"\" cedents=\"\" reemprenedors=\"\" vendre=\"\" o=\"\" comprar=\"\" una=\"\" empresa=\"\" amb=\"\" m=\"\" xim=\"\" de=\"\" seguretat=\"\" confian=\"\" a=\"\" ---=\"\" ---43=\"\">reemprendedores<\/span><span> puedan vender o comprar una empresa con el m\u00e1ximo de seguridad y confianza\u00bb.<\/span><\/p>\n<p><span class=\"hiddenSpellError\" onkeypress=\"MORFOLOGIK_RULE_CA_ES---#---0---#---Possible error ortogr\u00e0fic.---#---Reempla\u00e7a#Reapresa#Reempla\u00e7\u00e0#Reemprada#Reemprara#Reemprar\u00e0#Reemprassen#Reemprasses#Reemprava#Reempres#Reempressen#Reempresses#Reempr\u00e9s#Reempr\u00e9ssem#Reempr\u00e9sseu#Reexpressa#Reexpresse#Reexpress\u00e0#Reimpresa#Reempre sa#Reempres a---#---Reempresa---#---Reempresa tamb\u00e9 va aprofitar la seva participaci\u00f3 al BizBarcelona per presentar un estudi sobre les empreses que s'han venut a trav\u00e9s del servei.---#---43\">Reempresa<\/span><span> tambi\u00e9n aprovech\u00f3 su participaci\u00f3n en el<\/span><span> <\/span><span class=\"hiddenSpellError\" onkeypress=\"MORFOLOGIK_RULE_CA_ES---#---0---#---Possible error ortogr\u00e0fic.---#---Barcelona#FC Barcelona---#---BizBarcelona---#---Reempresa tamb\u00e9 va aprofitar la seva participaci\u00f3 al BizBarcelona per presentar un estudi sobre les empreses que s'han venut a trav\u00e9s del servei.---#---43\">BizBarcelona<\/span><span> para presentar un estudio sobre las empresas que se han vendido a trav\u00e9s del servicio. Seg\u00fan este estudio, la supervivencia de las <\/span><span class=\"hiddenSpellError\" onkeypress=\"MORFOLOGIK_RULE_CA_ES---#---0---#---Possible error ortogr\u00e0fic.---#---reemprasses#reempresses#reapreses#reemprades#reemprares#reemprassen#reemprassis#reempraves#reempressen#reempressis#reempr\u00e9ssem#reempr\u00e9sseu#reexpresses#reexpress\u00e9s#reimpreses#reempre ses#reempres es---#---reempreses---#---Segons aquest estudi, la superviv\u00e8ncia de les reempreses cedides \u00e9s d'un 87%.---#---43\">reempresas<\/span><span> cedidas es de un 87%. Adem\u00e1s, el estudio destaca que un 76% de las empresas que se han vendido a trav\u00e9s de <\/span><span class=\"hiddenSpellError\" onkeypress=\"MORFOLOGIK_RULE_CA_ES---#---0---#---Possible error ortogr\u00e0fic.---#---Reempla\u00e7a#Reapresa#Reempla\u00e7\u00e0#Reemprada#Reemprara#Reemprar\u00e0#Reemprassen#Reemprasses#Reemprava#Reempres#Reempressen#Reempresses#Reempr\u00e9s#Reempr\u00e9ssem#Reempr\u00e9sseu#Reexpressa#Reexpresse#Reexpress\u00e0#Reimpresa#Reempre sa#Reempres a---#---Reempresa---#---A m\u00e9s, l'estudi destaca que un 76% de les empreses que s'han venut a trav\u00e9s de Reempresa creixen pel que fa a la seva facturaci\u00f3 despr\u00e9s de ser reempreses.---#---43\">Reempresa<\/span><span> crecen en cuanto a su facturaci\u00f3n despu\u00e9s de ser <\/span><span class=\"hiddenSpellError\" onkeypress=\"MORFOLOGIK_RULE_CA_ES---#---0---#---Possible error ortogr\u00e0fic.---#---reemprasses#reempresses#reapreses#reemprades#reemprares#reemprassen#reemprassis#reempraves#reempressen#reempressis#reempr\u00e9ssem#reempr\u00e9sseu#reexpresses#reexpress\u00e9s#reimpreses#reempre ses#reempres es---#---reempreses---#---A m\u00e9s, l'estudi destaca que un 76% de les empreses que s'han venut a trav\u00e9s de Reempresa creixen pel que fa a la seva facturaci\u00f3 despr\u00e9s de ser reempreses.---#---43\">reempresas<\/span><span>. Del estudio tambi\u00e9n se desprende que un 31% de las <\/span><span class=\"hiddenSpellError\" onkeypress=\"MORFOLOGIK_RULE_CA_ES---#---0---#---Possible error ortogr\u00e0fic.---#---reemprasses#reempresses#reapreses#reemprades#reemprares#reemprassen#reemprassis#reempraves#reempressen#reempressis#reempr\u00e9ssem#reempr\u00e9sseu#reexpresses#reexpress\u00e9s#reimpreses#reempre ses#reempres es---#---reempreses---#---De l'estudi tamb\u00e9 es despr\u00e8n que un 31% de les reempreses augmenten el nombre de treballadors despr\u00e9s de ser cedides.---#---43\">reempresas<\/span><span> aumentan el n\u00famero de trabajadores despu\u00e9s de ser cedidas.<\/span><\/p>\n<p>[\/et_pb_text][et_pb_button button_url=\u00bbhttps:\/\/www.flickr.com\/photos\/patronalcecot\/albums\/72177720303663681&#8243; url_new_window=\u00bbon\u00bb button_text=\u00bbGaleria BizBarcelona 2022&#8243; _builder_version=\u00bb4.27.0&#8243; _module_preset=\u00bbdefault\u00bb custom_button=\u00bbon\u00bb button_text_size=\u00bb20px\u00bb button_text_color=\u00bb#FFFFFF\u00bb button_bg_color=\u00bb#000000&#8243; button_border_width=\u00bb0px\u00bb button_border_radius=\u00bb5px\u00bb button_icon=\u00bb&#x24;||divi||400&#8243; global_colors_info=\u00bb{}\u00bb][\/et_pb_button][\/et_pb_column][\/et_pb_row][\/et_pb_section]<\/p>\n","protected":false},"excerpt":{"rendered":"<p>Barcelona, 10 de noviembre del 2022. M\u00e1s de 300 persones emprendedoras y empresarias han asistido, este mi\u00e9rcoles y jueves, a las actividades que el Centro de Reempresa de Catalu\u00f1a ha organizado BizBarcelona, el sal\u00f3n de referencia del mundo del emprendimiento y la empresa. Reempresa ha organizado cuatro conferencias para acercar la transmisi\u00f3n empresarial en el [&hellip;]<\/p>\n","protected":false},"author":2,"featured_media":0,"parent":18110,"menu_order":0,"comment_status":"closed","ping_status":"closed","template":"","meta":{"_et_pb_use_builder":"on","_et_pb_old_content":"","_et_gb_content_width":"","footnotes":""},"categoria":[],"actualitat":[],"class_list":["post-18439","page","type-page","status-publish","hentry"],"_links":{"self":[{"href":"https:\/\/reempresa.org\/es\/wp-json\/wp\/v2\/pages\/18439","targetHints":{"allow":["GET"]}}],"collection":[{"href":"https:\/\/reempresa.org\/es\/wp-json\/wp\/v2\/pages"}],"about":[{"href":"https:\/\/reempresa.org\/es\/wp-json\/wp\/v2\/types\/page"}],"author":[{"embeddable":true,"href":"https:\/\/reempresa.org\/es\/wp-json\/wp\/v2\/users\/2"}],"replies":[{"embeddable":true,"href":"https:\/\/reempresa.org\/es\/wp-json\/wp\/v2\/comments?post=18439"}],"version-history":[{"count":6,"href":"https:\/\/reempresa.org\/es\/wp-json\/wp\/v2\/pages\/18439\/revisions"}],"predecessor-version":[{"id":19351,"href":"https:\/\/reempresa.org\/es\/wp-json\/wp\/v2\/pages\/18439\/revisions\/19351"}],"up":[{"embeddable":true,"href":"https:\/\/reempresa.org\/es\/wp-json\/wp\/v2\/pages\/18110"}],"wp:attachment":[{"href":"https:\/\/reempresa.org\/es\/wp-json\/wp\/v2\/media?parent=18439"}],"wp:term":[{"taxonomy":"categoria","embeddable":true,"href":"https:\/\/reempresa.org\/es\/wp-json\/wp\/v2\/categoria?post=18439"},{"taxonomy":"actualitat","embeddable":true,"href":"https:\/\/reempresa.org\/es\/wp-json\/wp\/v2\/actualitat?post=18439"}],"curies":[{"name":"wp","href":"https:\/\/api.w.org\/{rel}","templated":true}]}}