{"id":18110,"date":"2024-10-10T13:08:30","date_gmt":"2024-10-10T12:08:30","guid":{"rendered":"https:\/\/reempresa.org\/reempresa\/bizbarcelona\/"},"modified":"2026-01-16T11:29:20","modified_gmt":"2026-01-16T10:29:20","slug":"bizbarcelona","status":"publish","type":"page","link":"https:\/\/reempresa.org\/es\/reempresa\/bizbarcelona\/","title":{"rendered":"BizBarcelona"},"content":{"rendered":"<p>[et_pb_section fb_built=\u00bb1&#8243; admin_label=\u00bbSplit Section\u00bb _builder_version=\u00bb4.27.0&#8243; background_color=\u00bb#f5f5f5&#8243; max_width=\u00bb100%\u00bb custom_margin=\u00bb|0px||0px|false|false\u00bb custom_padding=\u00bb0px||0px|\u00bb animation_direction=\u00bbbottom\u00bb da_disable_devices=\u00bboff|off|off\u00bb collapsed=\u00bboff\u00bb global_colors_info=\u00bb{}\u00bb theme_builder_area=\u00bbpost_content\u00bb da_is_popup=\u00bboff\u00bb da_exit_intent=\u00bboff\u00bb da_has_close=\u00bbon\u00bb da_alt_close=\u00bboff\u00bb da_dark_close=\u00bboff\u00bb da_not_modal=\u00bbon\u00bb da_is_singular=\u00bboff\u00bb da_with_loader=\u00bboff\u00bb da_has_shadow=\u00bbon\u00bb][et_pb_row column_structure=\u00bb1_2,1_2&#8243; use_custom_gutter=\u00bbon\u00bb gutter_width=\u00bb1&#8243; make_equal=\u00bbon\u00bb disabled_on=\u00bbon|on|off\u00bb module_class=\u00bb et_pb_row_fullwidth\u00bb _builder_version=\u00bb4.27.0&#8243; background_size=\u00bbinitial\u00bb background_position=\u00bbtop_left\u00bb background_repeat=\u00bbrepeat\u00bb width=\u00bb100%\u00bb width_tablet=\u00bb100%\u00bb width_phone=\u00bb\u00bb width_last_edited=\u00bbon|desktop\u00bb max_width=\u00bb100%\u00bb max_width_tablet=\u00bb100%\u00bb max_width_phone=\u00bb\u00bb max_width_last_edited=\u00bbon|desktop\u00bb custom_margin=\u00bb||||false|false\u00bb custom_padding=\u00bb0px||0px|\u00bb custom_css_main_element=\u00bbmax-width:100% !important;\u00bb make_fullwidth=\u00bbon\u00bb global_colors_info=\u00bb{}\u00bb theme_builder_area=\u00bbpost_content\u00bb][et_pb_column type=\u00bb1_2&#8243; disabled_on=\u00bboff|off|off\u00bb _builder_version=\u00bb4.27.0&#8243; background_color=\u00bb#f4f4f4&#8243; background_position=\u00bbtop_left\u00bb custom_padding=\u00bb8%|4%|8%|11%|false|false\u00bb global_colors_info=\u00bb{}\u00bb custom_padding__hover=\u00bb|||\u00bb theme_builder_area=\u00bbpost_content\u00bb][et_pb_cta title=\u00bbBizBarcelona 2025 \u00bb button_url=\u00bbhttps:\/\/reempresa.org\/informacions-interes\/mes-300-persones-assisteixen-conferencies-activitats-reempresa-bizbarcelona\/\u00bb button_text=\u00bbDescubre el impacto \u00bb admin_label=\u00bbFeature 01&#8243; _builder_version=\u00bb4.27.5&#8243; header_font=\u00bbAssistant|700|||||||\u00bb header_text_color=\u00bb#1f1f1f\u00bb header_font_size=\u00bb28px\u00bb header_line_height=\u00bb1.2em\u00bb body_font=\u00bbAssistant|500|||||||\u00bb body_font_size=\u00bb22px\u00bb body_line_height=\u00bb1.6em\u00bb use_background_color=\u00bboff\u00bb custom_button=\u00bbon\u00bb button_text_size=\u00bb17px\u00bb button_text_color=\u00bb#ffffff\u00bb button_bg_color=\u00bbgcid-primary-color\u00bb button_border_color=\u00bbRGBA(0,0,0,0)\u00bb button_letter_spacing=\u00bb0px\u00bb button_font=\u00bbAssistant|700||on|||||\u00bb button_use_icon=\u00bboff\u00bb button_alignment=\u00bbleft\u00bb button_custom_padding=\u00bb8px|20px|8px|20px|true|true\u00bb text_orientation=\u00bbleft\u00bb background_layout=\u00bblight\u00bb module_alignment=\u00bbleft\u00bb custom_margin=\u00bb||||false|false\u00bb custom_padding=\u00bb|||\u00bb animation_direction=\u00bbbottom\u00bb hover_enabled=\u00bb0&#8243; button_text_color_hover=\u00bb#6eba01&#8243; button_border_color_hover=\u00bb#6eba01&#8243; button_border_radius_hover=\u00bb0&#8243; button_letter_spacing_hover=\u00bb2&#8243; button_bg_color_hover=\u00bbrgba(0,0,0,0)\u00bb saved_tabs=\u00bball\u00bb locked=\u00bboff\u00bb global_colors_info=\u00bb{%22gcid-primary-color%22:%91%22button_bg_color%22%93,%22gcid-heading-color%22:%91%22button_bg_color__hover%22%93}\u00bb button_text_size__hover_enabled=\u00bboff\u00bb button_one_text_size__hover_enabled=\u00bboff\u00bb button_two_text_size__hover_enabled=\u00bboff\u00bb button_text_color__hover_enabled=\u00bbon\u00bb button_text_color__hover=\u00bb#FFFFFF\u00bb button_one_text_color__hover_enabled=\u00bboff\u00bb button_two_text_color__hover_enabled=\u00bboff\u00bb button_border_width__hover_enabled=\u00bboff|desktop\u00bb button_one_border_width__hover_enabled=\u00bboff\u00bb button_two_border_width__hover_enabled=\u00bboff\u00bb button_border_color__hover_enabled=\u00bboff|desktop\u00bb button_border_color__hover=\u00bbRGBA(0,0,0,0)\u00bb button_one_border_color__hover_enabled=\u00bboff\u00bb button_two_border_color__hover_enabled=\u00bboff\u00bb button_border_radius__hover_enabled=\u00bboff|desktop\u00bb button_border_radius__hover=\u00bb7px\u00bb button_one_border_radius__hover_enabled=\u00bboff\u00bb button_two_border_radius__hover_enabled=\u00bboff\u00bb button_letter_spacing__hover_enabled=\u00bboff|desktop\u00bb button_letter_spacing__hover=\u00bb0px\u00bb button_one_letter_spacing__hover_enabled=\u00bboff\u00bb button_two_letter_spacing__hover_enabled=\u00bboff\u00bb button_bg_color__hover_enabled=\u00bbon|hover\u00bb button_bg_color__hover=\u00bb#000000&#8243; button_one_bg_color__hover_enabled=\u00bboff\u00bb button_two_bg_color__hover_enabled=\u00bboff\u00bb button_bg_enable_color__hover=\u00bbon\u00bb theme_builder_area=\u00bbpost_content\u00bb sticky_enabled=\u00bb0&#8243; url_new_window=\u00bbon\u00bb]<\/p>\n<p><span data-contrast=\"auto\" xml:lang=\"CA-ES\" lang=\"CA-ES\" class=\"TextRun SCXW228508647 BCX8\"><span class=\"NormalTextRun SpellingErrorV2Themed SCXW228508647 BCX8\">BizBarcelona<\/span><span class=\"NormalTextRun SCXW228508647 BCX8\"><span> <\/span>2025<span> <\/span><\/span><span class=\"NormalTextRun SCXW228508647 BCX8\">se<\/span><span class=\"NormalTextRun SCXW228508647 BCX8\"><span> <\/span>centra en la consolidaci\u00f3 de projectes<span> <\/span><\/span><span class=\"NormalTextRun SpellingErrorV2Themed SCXW228508647 BCX8\">reemprenedors<\/span><span class=\"NormalTextRun SCXW228508647 BCX8\"><span> <\/span>i en la creaci\u00f3 de xarxes d\u2019oportunitat, refor\u00e7ant la comunitat empresarial i l\u2019emprenedoria sostenible.<\/span><\/span><span class=\"EOP SCXW228508647 BCX8\" data-ccp-props=\"{}\"> <\/span><\/p>\n<p>[\/et_pb_cta][et_pb_button button_text=\u00bbGaleria BizBarcelona 2025&#8243; _builder_version=\u00bb4.27.5&#8243; _module_preset=\u00bbdefault\u00bb theme_builder_area=\u00bbpost_content\u00bb button_url=\u00bbhttps:\/\/www.flickr.com\/photos\/patronalcecot\/albums\/72177720331423202&#8243; url_new_window=\u00bbon\u00bb custom_button=\u00bbon\u00bb button_bg_color=\u00bbRGBA(255,255,255,0)\u00bb button_bg_enable_color=\u00bbon\u00bb button_text_color=\u00bbgcid-primary-color\u00bb global_colors_info=\u00bb{%22gcid-primary-color%22:%91%22button_text_color%22%93}\u00bb button_font=\u00bb||||on||||\u00bb custom_padding=\u00bb0px|0px|0px|0px|true|true\u00bb button_text_size=\u00bb17px\u00bb button_use_icon=\u00bboff\u00bb hover_enabled=\u00bb0&#8243; sticky_enabled=\u00bb0&#8243; custom_margin=\u00bb10px||0px||false|false\u00bb][\/et_pb_button][\/et_pb_column][et_pb_column type=\u00bb1_2&#8243; disabled_on=\u00bbon|on|off\u00bb _builder_version=\u00bb4.27.0&#8243; background_color=\u00bb#f5f5f5&#8243; background_image=\u00bbhttps:\/\/reempresa.org\/wp-content\/uploads\/2026\/01\/Banner-reempresa-biz-2025.jpg\u00bb custom_padding=\u00bb|||\u00bb background_last_edited=\u00bbon|desktop\u00bb background_enable_image_tablet=\u00bboff\u00bb background_enable_image_phone=\u00bboff\u00bb global_colors_info=\u00bb{}\u00bb custom_padding__hover=\u00bb|||\u00bb theme_builder_area=\u00bbpost_content\u00bb][\/et_pb_column][\/et_pb_row][\/et_pb_section][et_pb_section fb_built=\u00bb1&#8243; fullwidth=\u00bbon\u00bb disabled_on=\u00bboff|off|on\u00bb _builder_version=\u00bb4.27.0&#8243; _module_preset=\u00bbdefault\u00bb da_disable_devices=\u00bboff|off|off\u00bb global_colors_info=\u00bb{}\u00bb theme_builder_area=\u00bbpost_content\u00bb da_is_popup=\u00bboff\u00bb da_exit_intent=\u00bboff\u00bb da_has_close=\u00bbon\u00bb da_alt_close=\u00bboff\u00bb da_dark_close=\u00bboff\u00bb da_not_modal=\u00bbon\u00bb da_is_singular=\u00bboff\u00bb da_with_loader=\u00bboff\u00bb da_has_shadow=\u00bbon\u00bb][et_pb_fullwidth_image title_text=\u00bbBanner-reempresa-biz-2025&#8243; src_tablet=\u00bbhttps:\/\/reempresa.org\/wp-content\/uploads\/2026\/01\/Banner-reempresa-biz-2025.jpg\u00bb src_phone=\u00bbhttps:\/\/reempresa.org\/wp-content\/uploads\/2026\/01\/Banner-reempresa-biz-2025.jpg\u00bb src_last_edited=\u00bbon|desktop\u00bb _builder_version=\u00bb4.27.0&#8243; _module_preset=\u00bbdefault\u00bb global_colors_info=\u00bb{}\u00bb theme_builder_area=\u00bbpost_content\u00bb][\/et_pb_fullwidth_image][\/et_pb_section][et_pb_section fb_built=\u00bb1&#8243; _builder_version=\u00bb4.27.0&#8243; _module_preset=\u00bbdefault\u00bb da_disable_devices=\u00bboff|off|off\u00bb global_colors_info=\u00bb{}\u00bb theme_builder_area=\u00bbpost_content\u00bb da_is_popup=\u00bboff\u00bb da_exit_intent=\u00bboff\u00bb da_has_close=\u00bbon\u00bb da_alt_close=\u00bboff\u00bb da_dark_close=\u00bboff\u00bb da_not_modal=\u00bbon\u00bb da_is_singular=\u00bboff\u00bb da_with_loader=\u00bboff\u00bb da_has_shadow=\u00bbon\u00bb][et_pb_row _builder_version=\u00bb4.27.5&#8243; _module_preset=\u00bbdefault\u00bb theme_builder_area=\u00bbpost_content\u00bb custom_padding=\u00bb0px||12px|||\u00bb][et_pb_column _builder_version=\u00bb4.27.5&#8243; _module_preset=\u00bbdefault\u00bb type=\u00bb4_4&#8243; theme_builder_area=\u00bbpost_content\u00bb][et_pb_heading title=\u00bbEdiciones anteriores\u00bb _builder_version=\u00bb4.27.5&#8243; _module_preset=\u00bbdefault\u00bb theme_builder_area=\u00bbpost_content\u00bb title_level=\u00bbh2&#8243; title_text_align=\u00bbcenter\u00bb hover_enabled=\u00bb0&#8243; sticky_enabled=\u00bb0&#8243; title_font_size=\u00bb31px\u00bb title_line_height=\u00bb1.3em\u00bb][\/et_pb_heading][\/et_pb_column][\/et_pb_row][et_pb_row column_structure=\u00bb1_3,1_3,1_3&#8243; _builder_version=\u00bb4.27.5&#8243; _module_preset=\u00bbdefault\u00bb hover_enabled=\u00bb0&#8243; global_colors_info=\u00bb{}\u00bb theme_builder_area=\u00bbpost_content\u00bb sticky_enabled=\u00bb0&#8243;][et_pb_column type=\u00bb1_3&#8243; _builder_version=\u00bb4.27.0&#8243; _module_preset=\u00bbdefault\u00bb global_colors_info=\u00bb{}\u00bb theme_builder_area=\u00bbpost_content\u00bb][et_pb_image src=\u00bbhttps:\/\/reempresa.org\/wp-content\/uploads\/2026\/01\/biz-bcn-2024.jpg\u00bb alt=\u00bbBizBarcelona 2022&#8243; title_text=\u00bbbiz-bcn-2024&#8243; _builder_version=\u00bb4.27.5&#8243; _module_preset=\u00bbdefault\u00bb hover_enabled=\u00bb0&#8243; global_colors_info=\u00bb{}\u00bb theme_builder_area=\u00bbpost_content\u00bb sticky_enabled=\u00bb0&#8243;][\/et_pb_image][et_pb_heading title=\u00bbBizBarcelona 2024 \u00bb _builder_version=\u00bb4.27.5&#8243; _module_preset=\u00bbdefault\u00bb theme_builder_area=\u00bbpost_content\u00bb hover_enabled=\u00bb0&#8243; sticky_enabled=\u00bb0&#8243; title_level=\u00bbh3&#8243; title_font_size=\u00bb24px\u00bb custom_margin=\u00bb||5px|||\u00bb][\/et_pb_heading][et_pb_text _builder_version=\u00bb4.27.5&#8243; _module_preset=\u00bbdefault\u00bb theme_builder_area=\u00bbpost_content\u00bb text_font_size=\u00bb18px\u00bb text_line_height=\u00bb1.6em\u00bb hover_enabled=\u00bb0&#8243; sticky_enabled=\u00bb0&#8243; custom_margin=\u00bb||10px||false|false\u00bb]<\/p>\n<p><span data-contrast=\"auto\" xml:lang=\"CA-ES\" lang=\"CA-ES\" class=\"TextRun SCXW112546725 BCX8\"><span class=\"NormalTextRun SCXW112546725 BCX8\">La edici\u00f3n de 2024 apuesta por la inteligencia artificial y las nuevas tecnolog\u00edas aplicadas a las pymes, fomentando el crecimiento digital y la transformaci\u00f3n empresarial.<\/span><\/span><span class=\"EOP SCXW112546725 BCX8\" data-ccp-props=\"{}\"> <\/span><\/p>\n<p>[\/et_pb_text][et_pb_button button_text=\u00bbDescubre el impacto \u00bb _builder_version=\u00bb4.27.5&#8243; _module_preset=\u00bbdefault\u00bb theme_builder_area=\u00bbpost_content\u00bb button_url=\u00bbhttps:\/\/reempresa.org\/nota-premsa\/mes-de-350-persones-assisteixen-a-les-conferencies-i-activitats-de-reempresa-al-bizbarcelona-jpg\/\u00bb url_new_window=\u00bbon\u00bb custom_button=\u00bbon\u00bb button_bg_color=\u00bbRGBA(255,255,255,0)\u00bb button_bg_enable_color=\u00bbon\u00bb button_text_color=\u00bbgcid-primary-color\u00bb global_colors_info=\u00bb{%22gcid-primary-color%22:%91%22button_text_color%22%93}\u00bb button_font=\u00bb||||on||||\u00bb custom_padding=\u00bb0px|0px|0px|0px|true|true\u00bb button_text_size=\u00bb17px\u00bb button_use_icon=\u00bboff\u00bb hover_enabled=\u00bb0&#8243; sticky_enabled=\u00bb0&#8243; custom_margin=\u00bb||5px||false|false\u00bb][\/et_pb_button][et_pb_button button_text=\u00bbGaleria BizBarcelona 2024 \u00bb _builder_version=\u00bb4.27.5&#8243; _module_preset=\u00bbdefault\u00bb theme_builder_area=\u00bbpost_content\u00bb button_url=\u00bbhttps:\/\/www.flickr.com\/photos\/patronalcecot\/albums\/72177720331185277\/\u00bb url_new_window=\u00bbon\u00bb custom_button=\u00bbon\u00bb button_bg_color=\u00bbRGBA(255,255,255,0)\u00bb button_bg_enable_color=\u00bbon\u00bb button_text_color=\u00bbgcid-primary-color\u00bb global_colors_info=\u00bb{%22gcid-primary-color%22:%91%22button_text_color%22%93}\u00bb button_font=\u00bb||||on||||\u00bb custom_padding=\u00bb0px|0px|0px|0px|true|true\u00bb button_text_size=\u00bb17px\u00bb button_use_icon=\u00bboff\u00bb hover_enabled=\u00bb0&#8243; sticky_enabled=\u00bb0&#8243; custom_margin=\u00bb||0px||false|false\u00bb][\/et_pb_button][\/et_pb_column][et_pb_column type=\u00bb1_3&#8243; _builder_version=\u00bb4.27.0&#8243; _module_preset=\u00bbdefault\u00bb global_colors_info=\u00bb{}\u00bb theme_builder_area=\u00bbpost_content\u00bb][et_pb_image src=\u00bbhttps:\/\/reempresa.org\/wp-content\/uploads\/2026\/01\/biz-bcn-2023.jpg\u00bb alt=\u00bbBizBarcelona 2022&#8243; title_text=\u00bbbiz-bcn-2023&#8243; _builder_version=\u00bb4.27.5&#8243; _module_preset=\u00bbdefault\u00bb hover_enabled=\u00bb0&#8243; global_colors_info=\u00bb{}\u00bb theme_builder_area=\u00bbpost_content\u00bb sticky_enabled=\u00bb0&#8243;][\/et_pb_image][et_pb_heading title=\u00bbBizBarcelona 2023&#8243; _builder_version=\u00bb4.27.5&#8243; _module_preset=\u00bbdefault\u00bb theme_builder_area=\u00bbpost_content\u00bb hover_enabled=\u00bb0&#8243; sticky_enabled=\u00bb0&#8243; title_level=\u00bbh3&#8243; title_font_size=\u00bb24px\u00bb custom_margin=\u00bb||5px|||\u00bb][\/et_pb_heading][et_pb_text _builder_version=\u00bb4.27.5&#8243; _module_preset=\u00bbdefault\u00bb theme_builder_area=\u00bbpost_content\u00bb text_font_size=\u00bb18px\u00bb text_line_height=\u00bb1.6em\u00bb hover_enabled=\u00bb0&#8243; sticky_enabled=\u00bb0&#8243; custom_margin=\u00bb||10px||false|false\u00bb]<\/p>\n<p>BizBarcelona celebra su edici\u00f3n m\u00e1s inclusiva, integrando a nuevos sectores y potenciando la sostenibilidad como motor de negocio, con el objetivo de generar impacto social y econ\u00f3mico.<\/p>\n<p>[\/et_pb_text][et_pb_button button_text=\u00bbDescubre el impacto \u00bb _builder_version=\u00bb4.27.5&#8243; _module_preset=\u00bbdefault\u00bb theme_builder_area=\u00bbpost_content\u00bb button_url=\u00bbhttps:\/\/reempresa.org\/nota-premsa\/mes-de-300-persones-participen-a-les-activitats-i-conferencies-de-reempresa-al-bizbarcelona-jpg\/\u00bb url_new_window=\u00bbon\u00bb custom_button=\u00bbon\u00bb button_bg_color=\u00bbRGBA(255,255,255,0)\u00bb button_bg_enable_color=\u00bbon\u00bb button_text_color=\u00bbgcid-primary-color\u00bb global_colors_info=\u00bb{%22gcid-primary-color%22:%91%22button_text_color%22%93}\u00bb button_font=\u00bb||||on||||\u00bb custom_padding=\u00bb0px|0px|0px|0px|true|true\u00bb button_text_size=\u00bb17px\u00bb button_use_icon=\u00bboff\u00bb hover_enabled=\u00bb0&#8243; sticky_enabled=\u00bb0&#8243; custom_margin=\u00bb||5px||false|false\u00bb][\/et_pb_button][et_pb_button button_text=\u00bbGaleria BizBarcelona 2023&#8243; _builder_version=\u00bb4.27.5&#8243; _module_preset=\u00bbdefault\u00bb theme_builder_area=\u00bbpost_content\u00bb button_url=\u00bbhttps:\/\/www.flickr.com\/photos\/patronalcecot\/albums\/72177720331210724\/\u00bb url_new_window=\u00bbon\u00bb custom_button=\u00bbon\u00bb button_bg_color=\u00bbRGBA(255,255,255,0)\u00bb button_bg_enable_color=\u00bbon\u00bb button_text_color=\u00bbgcid-primary-color\u00bb global_colors_info=\u00bb{%22gcid-primary-color%22:%91%22button_text_color%22%93}\u00bb button_font=\u00bb||||on||||\u00bb custom_padding=\u00bb0px|0px|0px|0px|true|true\u00bb button_text_size=\u00bb17px\u00bb button_use_icon=\u00bboff\u00bb hover_enabled=\u00bb0&#8243; sticky_enabled=\u00bb0&#8243; custom_margin=\u00bb||0px||false|false\u00bb][\/et_pb_button][\/et_pb_column][et_pb_column type=\u00bb1_3&#8243; _builder_version=\u00bb4.27.0&#8243; _module_preset=\u00bbdefault\u00bb global_colors_info=\u00bb{}\u00bb theme_builder_area=\u00bbpost_content\u00bb][et_pb_image src=\u00bbhttps:\/\/reempresa.org\/wp-content\/uploads\/2026\/01\/biz-bcn-2022.jpg\u00bb alt=\u00bbBizBarcelona 2022&#8243; title_text=\u00bbbiz-bcn-2022&#8243; _builder_version=\u00bb4.27.5&#8243; _module_preset=\u00bbdefault\u00bb hover_enabled=\u00bb0&#8243; global_colors_info=\u00bb{}\u00bb theme_builder_area=\u00bbpost_content\u00bb sticky_enabled=\u00bb0&#8243;][\/et_pb_image][et_pb_heading title=\u00bbBizBarcelona 2022&#8243; _builder_version=\u00bb4.27.5&#8243; _module_preset=\u00bbdefault\u00bb theme_builder_area=\u00bbpost_content\u00bb hover_enabled=\u00bb0&#8243; sticky_enabled=\u00bb0&#8243; title_level=\u00bbh3&#8243; title_font_size=\u00bb24px\u00bb custom_margin=\u00bb||5px|||\u00bb][\/et_pb_heading][et_pb_text _builder_version=\u00bb4.27.5&#8243; _module_preset=\u00bbdefault\u00bb theme_builder_area=\u00bbpost_content\u00bb text_font_size=\u00bb18px\u00bb text_line_height=\u00bb1.6em\u00bb hover_enabled=\u00bb0&#8243; sticky_enabled=\u00bb0&#8243; custom_margin=\u00bb||10px||false|false\u00bb]<\/p>\n<p>El evento vuelve a la plena presencialidad, con m\u00e1s de un centenar de ponencias, workshops y networking que impulsan la innovaci\u00f3n y el crecimiento empresarial.<\/p>\n<p>[\/et_pb_text][et_pb_button button_text=\u00bbDescubre el impacto \u00bb _builder_version=\u00bb4.27.5&#8243; _module_preset=\u00bbdefault\u00bb theme_builder_area=\u00bbpost_content\u00bb button_url=\u00bbhttps:\/\/reempresa.org\/es\/reempresa\/bizbarcelona\/bizbarcelona-2022\/\u00bb url_new_window=\u00bbon\u00bb custom_button=\u00bbon\u00bb button_bg_color=\u00bbRGBA(255,255,255,0)\u00bb button_bg_enable_color=\u00bbon\u00bb button_text_color=\u00bbgcid-primary-color\u00bb global_colors_info=\u00bb{%22gcid-primary-color%22:%91%22button_text_color%22%93}\u00bb button_font=\u00bb||||on||||\u00bb custom_padding=\u00bb0px|0px|0px|0px|true|true\u00bb button_text_size=\u00bb17px\u00bb button_use_icon=\u00bboff\u00bb hover_enabled=\u00bb0&#8243; sticky_enabled=\u00bb0&#8243; custom_margin=\u00bb||5px||false|false\u00bb][\/et_pb_button][et_pb_button button_text=\u00bbGaleria BizBarcelona 2015&#8243; _builder_version=\u00bb4.27.5&#8243; _module_preset=\u00bbdefault\u00bb theme_builder_area=\u00bbpost_content\u00bb button_url=\u00bbhttps:\/\/www.flickr.com\/photos\/patronalcecot\/albums\/72177720303663681\/\u00bb url_new_window=\u00bbon\u00bb custom_button=\u00bbon\u00bb button_bg_color=\u00bbRGBA(255,255,255,0)\u00bb button_bg_enable_color=\u00bbon\u00bb button_text_color=\u00bbgcid-primary-color\u00bb global_colors_info=\u00bb{%22gcid-primary-color%22:%91%22button_text_color%22%93}\u00bb button_font=\u00bb||||on||||\u00bb custom_padding=\u00bb0px|0px|0px|0px|true|true\u00bb button_text_size=\u00bb17px\u00bb button_use_icon=\u00bboff\u00bb hover_enabled=\u00bb0&#8243; sticky_enabled=\u00bb0&#8243; custom_margin=\u00bb||0px||false|false\u00bb][\/et_pb_button][\/et_pb_column][\/et_pb_row][et_pb_row column_structure=\u00bb1_3,1_3,1_3&#8243; _builder_version=\u00bb4.27.5&#8243; _module_preset=\u00bbdefault\u00bb hover_enabled=\u00bb0&#8243; global_colors_info=\u00bb{}\u00bb theme_builder_area=\u00bbpost_content\u00bb sticky_enabled=\u00bb0&#8243;][et_pb_column type=\u00bb1_3&#8243; _builder_version=\u00bb4.27.0&#8243; _module_preset=\u00bbdefault\u00bb global_colors_info=\u00bb{}\u00bb theme_builder_area=\u00bbpost_content\u00bb][et_pb_heading title=\u00bbBizBarcelona 2021&#8243; _builder_version=\u00bb4.27.5&#8243; _module_preset=\u00bbdefault\u00bb theme_builder_area=\u00bbpost_content\u00bb hover_enabled=\u00bb0&#8243; sticky_enabled=\u00bb0&#8243; title_level=\u00bbh3&#8243; title_font_size=\u00bb24px\u00bb custom_margin=\u00bb||5px|||\u00bb][\/et_pb_heading][et_pb_text _builder_version=\u00bb4.27.5&#8243; _module_preset=\u00bbdefault\u00bb theme_builder_area=\u00bbpost_content\u00bb text_font_size=\u00bb18px\u00bb text_line_height=\u00bb1.6em\u00bb hover_enabled=\u00bb0&#8243; sticky_enabled=\u00bb0&#8243; custom_margin=\u00bb||10px||false|false\u00bb]<\/p>\n<p><span data-contrast=\"auto\" xml:lang=\"CA-ES\" lang=\"CA-ES\" class=\"TextRun SCXW60334206 BCX8\">BizBarcelona recupera presencialidad parcial, combinando sesiones online y presenciales, con especial foco en digitalizaci\u00f3n y resilencia empresarial.<\/span><span class=\"EOP SCXW60334206 BCX8\" data-ccp-props=\"{}\"> <\/span><\/p>\n<p>[\/et_pb_text][et_pb_button button_text=\u00bbDescubre el impacto \u00bb _builder_version=\u00bb4.27.5&#8243; _module_preset=\u00bbdefault\u00bb theme_builder_area=\u00bbpost_content\u00bb button_url=\u00bbhttps:\/\/reempresa.org\/es\/reempresa\/bizbarcelona\/bizbarcelona-2021\/\u00bb url_new_window=\u00bbon\u00bb custom_button=\u00bbon\u00bb button_bg_color=\u00bbRGBA(255,255,255,0)\u00bb button_bg_enable_color=\u00bbon\u00bb button_text_color=\u00bbgcid-primary-color\u00bb global_colors_info=\u00bb{%22gcid-primary-color%22:%91%22button_text_color%22%93}\u00bb button_font=\u00bb||||on||||\u00bb custom_padding=\u00bb0px|0px|0px|0px|true|true\u00bb button_text_size=\u00bb17px\u00bb button_use_icon=\u00bboff\u00bb hover_enabled=\u00bb0&#8243; sticky_enabled=\u00bb0&#8243; custom_margin=\u00bb||5px||false|false\u00bb][\/et_pb_button][\/et_pb_column][et_pb_column type=\u00bb1_3&#8243; _builder_version=\u00bb4.27.0&#8243; _module_preset=\u00bbdefault\u00bb global_colors_info=\u00bb{}\u00bb theme_builder_area=\u00bbpost_content\u00bb][et_pb_heading title=\u00bbBizBarcelona 2020&#8243; _builder_version=\u00bb4.27.5&#8243; _module_preset=\u00bbdefault\u00bb theme_builder_area=\u00bbpost_content\u00bb hover_enabled=\u00bb0&#8243; sticky_enabled=\u00bb0&#8243; title_level=\u00bbh3&#8243; title_font_size=\u00bb24px\u00bb custom_margin=\u00bb||5px|||\u00bb][\/et_pb_heading][et_pb_text _builder_version=\u00bb4.27.5&#8243; _module_preset=\u00bbdefault\u00bb theme_builder_area=\u00bbpost_content\u00bb text_font_size=\u00bb18px\u00bb text_line_height=\u00bb1.6em\u00bb hover_enabled=\u00bb0&#8243; sticky_enabled=\u00bb0&#8243; custom_margin=\u00bb||10px||false|false\u00bb]<\/p>\n<p>Con la pandemia, el evento se adapta con formatos h\u00edbridos y virtuales, manteniendo el impacto y la conexi\u00f3n entre emprendedores y pymes.<\/p>\n<p>[\/et_pb_text][et_pb_button button_text=\u00bbDescubre el impacto \u00bb _builder_version=\u00bb4.27.5&#8243; _module_preset=\u00bbdefault\u00bb theme_builder_area=\u00bbpost_content\u00bb button_url=\u00bbhttps:\/\/reempresa.org\/es\/reempresa\/bizbarcelona\/bizbarcelona-2020\/\u00bb url_new_window=\u00bbon\u00bb custom_button=\u00bbon\u00bb button_bg_color=\u00bbRGBA(255,255,255,0)\u00bb button_bg_enable_color=\u00bbon\u00bb button_text_color=\u00bbgcid-primary-color\u00bb global_colors_info=\u00bb{%22gcid-primary-color%22:%91%22button_text_color%22%93}\u00bb button_font=\u00bb||||on||||\u00bb custom_padding=\u00bb0px|0px|0px|0px|true|true\u00bb button_text_size=\u00bb17px\u00bb button_use_icon=\u00bboff\u00bb hover_enabled=\u00bb0&#8243; sticky_enabled=\u00bb0&#8243; custom_margin=\u00bb||5px||false|false\u00bb][\/et_pb_button][\/et_pb_column][et_pb_column type=\u00bb1_3&#8243; _builder_version=\u00bb4.27.0&#8243; _module_preset=\u00bbdefault\u00bb global_colors_info=\u00bb{}\u00bb theme_builder_area=\u00bbpost_content\u00bb][et_pb_heading title=\u00bbBizBarcelona 2019&#8243; _builder_version=\u00bb4.27.5&#8243; _module_preset=\u00bbdefault\u00bb theme_builder_area=\u00bbpost_content\u00bb hover_enabled=\u00bb0&#8243; sticky_enabled=\u00bb0&#8243; title_level=\u00bbh3&#8243; title_font_size=\u00bb24px\u00bb custom_margin=\u00bb||5px|||\u00bb][\/et_pb_heading][et_pb_text _builder_version=\u00bb4.27.5&#8243; _module_preset=\u00bbdefault\u00bb theme_builder_area=\u00bbpost_content\u00bb text_font_size=\u00bb18px\u00bb text_line_height=\u00bb1.6em\u00bb hover_enabled=\u00bb0&#8243; sticky_enabled=\u00bb0&#8243; custom_margin=\u00bb||10px||false|false\u00bb]<\/p>\n<p>El evento destaca por las charlas inspiradoras, networking efectivo e iniciativas sostenibles, reforzando la cultura de reemprendimiento y colaboraci\u00f3n empresarial.<\/p>\n<p>[\/et_pb_text][et_pb_button button_text=\u00bbDescubre el impacto \u00bb _builder_version=\u00bb4.27.5&#8243; _module_preset=\u00bbdefault\u00bb theme_builder_area=\u00bbpost_content\u00bb button_url=\u00bbhttps:\/\/reempresa.org\/es\/reempresa\/bizbarcelona\/bizbarcelona-2019\/\u00bb url_new_window=\u00bbon\u00bb custom_button=\u00bbon\u00bb button_bg_color=\u00bbRGBA(255,255,255,0)\u00bb button_bg_enable_color=\u00bbon\u00bb button_text_color=\u00bbgcid-primary-color\u00bb global_colors_info=\u00bb{%22gcid-primary-color%22:%91%22button_text_color%22%93}\u00bb button_font=\u00bb||||on||||\u00bb custom_padding=\u00bb0px|0px|0px|0px|true|true\u00bb button_text_size=\u00bb17px\u00bb button_use_icon=\u00bboff\u00bb hover_enabled=\u00bb0&#8243; sticky_enabled=\u00bb0&#8243; custom_margin=\u00bb||5px||false|false\u00bb][\/et_pb_button][\/et_pb_column][\/et_pb_row][et_pb_row column_structure=\u00bb1_3,1_3,1_3&#8243; _builder_version=\u00bb4.27.5&#8243; _module_preset=\u00bbdefault\u00bb hover_enabled=\u00bb0&#8243; global_colors_info=\u00bb{}\u00bb theme_builder_area=\u00bbpost_content\u00bb sticky_enabled=\u00bb0&#8243;][et_pb_column type=\u00bb1_3&#8243; _builder_version=\u00bb4.27.0&#8243; _module_preset=\u00bbdefault\u00bb global_colors_info=\u00bb{}\u00bb theme_builder_area=\u00bbpost_content\u00bb][et_pb_heading title=\u00bbBizBarcelona 2018&#8243; _builder_version=\u00bb4.27.5&#8243; _module_preset=\u00bbdefault\u00bb theme_builder_area=\u00bbpost_content\u00bb hover_enabled=\u00bb0&#8243; sticky_enabled=\u00bb0&#8243; title_level=\u00bbh3&#8243; title_font_size=\u00bb24px\u00bb custom_margin=\u00bb||5px|||\u00bb][\/et_pb_heading][et_pb_text _builder_version=\u00bb4.27.5&#8243; _module_preset=\u00bbdefault\u00bb theme_builder_area=\u00bbpost_content\u00bb text_font_size=\u00bb18px\u00bb text_line_height=\u00bb1.6em\u00bb hover_enabled=\u00bb0&#8243; sticky_enabled=\u00bb0&#8243; custom_margin=\u00bb||10px||false|false\u00bb]<\/p>\n<p><span data-contrast=\"auto\" xml:lang=\"CA-ES\" lang=\"CA-ES\" class=\"TextRun SCXW136781866 BCX8\">BizBarcelona sigue creciendo, con mayor presencia de proyectos innovadores e iniciativas de transformaci\u00f3n digital, posicion\u00e1ndose como referente para el emprendimiento catal\u00e1n.<\/span><span class=\"EOP SCXW136781866 BCX8\" data-ccp-props=\"{}\"> <\/span><\/p>\n<p>[\/et_pb_text][et_pb_button button_text=\u00bbDescubre el impacto \u00bb _builder_version=\u00bb4.27.5&#8243; _module_preset=\u00bbdefault\u00bb theme_builder_area=\u00bbpost_content\u00bb button_url=\u00bbhttps:\/\/reempresa.org\/es\/reempresa\/bizbarcelona\/bizbarcelona-2018\/\u00bb url_new_window=\u00bbon\u00bb custom_button=\u00bbon\u00bb button_bg_color=\u00bbRGBA(255,255,255,0)\u00bb button_bg_enable_color=\u00bbon\u00bb button_text_color=\u00bbgcid-primary-color\u00bb global_colors_info=\u00bb{%22gcid-primary-color%22:%91%22button_text_color%22%93}\u00bb button_font=\u00bb||||on||||\u00bb custom_padding=\u00bb0px|0px|0px|0px|true|true\u00bb button_text_size=\u00bb17px\u00bb button_use_icon=\u00bboff\u00bb hover_enabled=\u00bb0&#8243; sticky_enabled=\u00bb0&#8243; custom_margin=\u00bb||5px||false|false\u00bb][\/et_pb_button][\/et_pb_column][et_pb_column type=\u00bb1_3&#8243; _builder_version=\u00bb4.27.0&#8243; _module_preset=\u00bbdefault\u00bb global_colors_info=\u00bb{}\u00bb theme_builder_area=\u00bbpost_content\u00bb][et_pb_heading title=\u00bbBizBarcelona 2017&#8243; _builder_version=\u00bb4.27.5&#8243; _module_preset=\u00bbdefault\u00bb theme_builder_area=\u00bbpost_content\u00bb hover_enabled=\u00bb0&#8243; sticky_enabled=\u00bb0&#8243; title_level=\u00bbh3&#8243; title_font_size=\u00bb24px\u00bb custom_margin=\u00bb||5px|||\u00bb][\/et_pb_heading][et_pb_text _builder_version=\u00bb4.27.5&#8243; _module_preset=\u00bbdefault\u00bb theme_builder_area=\u00bbpost_content\u00bb text_font_size=\u00bb18px\u00bb text_line_height=\u00bb1.6em\u00bb hover_enabled=\u00bb0&#8243; sticky_enabled=\u00bb0&#8243; custom_margin=\u00bb||10px||false|false\u00bb]<\/p>\n<p>Se consolidan las sinergias entre pymes, startups<span class=\"NormalTextRun SCXW119654979 BCX8\"><span> <\/span>e inversores. Los asistentes valoran especialmente las sesiones pr\u00e1cticas y las oportunidades de contacto directo <\/span><\/p>\n<p>[\/et_pb_text][et_pb_button button_text=\u00bbDescubre el impacto \u00bb _builder_version=\u00bb4.27.5&#8243; _module_preset=\u00bbdefault\u00bb theme_builder_area=\u00bbpost_content\u00bb button_url=\u00bbhttps:\/\/reempresa.org\/es\/reempresa\/bizbarcelona\/bizbarcelona-2017\/\u00bb url_new_window=\u00bbon\u00bb custom_button=\u00bbon\u00bb button_bg_color=\u00bbRGBA(255,255,255,0)\u00bb button_bg_enable_color=\u00bbon\u00bb button_text_color=\u00bbgcid-primary-color\u00bb global_colors_info=\u00bb{%22gcid-primary-color%22:%91%22button_text_color%22%93}\u00bb button_font=\u00bb||||on||||\u00bb custom_padding=\u00bb0px|0px|0px|0px|true|true\u00bb button_text_size=\u00bb17px\u00bb button_use_icon=\u00bboff\u00bb hover_enabled=\u00bb0&#8243; sticky_enabled=\u00bb0&#8243; custom_margin=\u00bb||5px||false|false\u00bb][\/et_pb_button][\/et_pb_column][et_pb_column type=\u00bb1_3&#8243; _builder_version=\u00bb4.27.0&#8243; _module_preset=\u00bbdefault\u00bb global_colors_info=\u00bb{}\u00bb theme_builder_area=\u00bbpost_content\u00bb][et_pb_heading title=\u00bbBizBarcelona 2016&#8243; _builder_version=\u00bb4.27.5&#8243; _module_preset=\u00bbdefault\u00bb theme_builder_area=\u00bbpost_content\u00bb hover_enabled=\u00bb0&#8243; sticky_enabled=\u00bb0&#8243; title_level=\u00bbh3&#8243; title_font_size=\u00bb24px\u00bb custom_margin=\u00bb||5px|||\u00bb][\/et_pb_heading][et_pb_text _builder_version=\u00bb4.27.5&#8243; _module_preset=\u00bbdefault\u00bb theme_builder_area=\u00bbpost_content\u00bb text_font_size=\u00bb18px\u00bb text_line_height=\u00bb1.6em\u00bb hover_enabled=\u00bb0&#8243; sticky_enabled=\u00bb0&#8243; custom_margin=\u00bb||10px||false|false\u00bb]<\/p>\n<p>La participaci\u00f3n aumenta y se incorporan nuevos espacios de networking, talleres pr\u00e1cticos y oportunidades para inversores, reforzando el impacto del proyecto<\/p>\n<p>[\/et_pb_text][et_pb_button button_text=\u00bbDescubre el impacto \u00bb _builder_version=\u00bb4.27.5&#8243; _module_preset=\u00bbdefault\u00bb theme_builder_area=\u00bbpost_content\u00bb button_url=\u00bbhttps:\/\/reempresa.org\/es\/reempresa\/bizbarcelona\/bizbarcelona-2016\/\u00bb url_new_window=\u00bbon\u00bb custom_button=\u00bbon\u00bb button_bg_color=\u00bbRGBA(255,255,255,0)\u00bb button_bg_enable_color=\u00bbon\u00bb button_text_color=\u00bbgcid-primary-color\u00bb global_colors_info=\u00bb{%22gcid-primary-color%22:%91%22button_text_color%22%93}\u00bb button_font=\u00bb||||on||||\u00bb custom_padding=\u00bb0px|0px|0px|0px|true|true\u00bb button_text_size=\u00bb17px\u00bb button_use_icon=\u00bboff\u00bb hover_enabled=\u00bb0&#8243; sticky_enabled=\u00bb0&#8243; custom_margin=\u00bb||5px||false|false\u00bb][\/et_pb_button][\/et_pb_column][\/et_pb_row][et_pb_row column_structure=\u00bb1_3,1_3,1_3&#8243; _builder_version=\u00bb4.27.5&#8243; _module_preset=\u00bbdefault\u00bb hover_enabled=\u00bb0&#8243; global_colors_info=\u00bb{}\u00bb theme_builder_area=\u00bbpost_content\u00bb sticky_enabled=\u00bb0&#8243;][et_pb_column type=\u00bb1_3&#8243; _builder_version=\u00bb4.27.0&#8243; _module_preset=\u00bbdefault\u00bb global_colors_info=\u00bb{}\u00bb theme_builder_area=\u00bbpost_content\u00bb][et_pb_heading title=\u00bbBizBarcelona 2015&#8243; _builder_version=\u00bb4.27.5&#8243; _module_preset=\u00bbdefault\u00bb theme_builder_area=\u00bbpost_content\u00bb hover_enabled=\u00bb0&#8243; sticky_enabled=\u00bb0&#8243; title_level=\u00bbh3&#8243; title_font_size=\u00bb24px\u00bb custom_margin=\u00bb||5px|||\u00bb][\/et_pb_heading][et_pb_text _builder_version=\u00bb4.27.5&#8243; _module_preset=\u00bbdefault\u00bb theme_builder_area=\u00bbpost_content\u00bb text_font_size=\u00bb18px\u00bb text_line_height=\u00bb1.6em\u00bb hover_enabled=\u00bb0&#8243; sticky_enabled=\u00bb0&#8243; custom_margin=\u00bb||10px||false|false\u00bb]<\/p>\n<p><span data-contrast=\"auto\" xml:lang=\"CA-ES\" lang=\"CA-ES\" class=\"TextRun SCXW236151746 BCX8\">BizBarcelona ampl\u00eda los contenidos con ponencias sobre innovaci\u00f3n e internacionalizaci\u00f3n, y fomenta la colaboraci\u00f3n entre emprendedores y empresas consolidadas.<\/span><span class=\"EOP SCXW236151746 BCX8\" data-ccp-props=\"{}\"> <\/span><\/p>\n<p>[\/et_pb_text][et_pb_button button_text=\u00bbDescubre el impacto \u00bb _builder_version=\u00bb4.27.5&#8243; _module_preset=\u00bbdefault\u00bb theme_builder_area=\u00bbpost_content\u00bb button_url=\u00bbhttps:\/\/reempresa.org\/es\/reempresa\/bizbarcelona\/bizbarcelona-2015\/\u00bb url_new_window=\u00bbon\u00bb custom_button=\u00bbon\u00bb button_bg_color=\u00bbRGBA(255,255,255,0)\u00bb button_bg_enable_color=\u00bbon\u00bb button_text_color=\u00bbgcid-primary-color\u00bb global_colors_info=\u00bb{%22gcid-primary-color%22:%91%22button_text_color%22%93}\u00bb button_font=\u00bb||||on||||\u00bb custom_padding=\u00bb0px|0px|0px|0px|true|true\u00bb button_text_size=\u00bb17px\u00bb button_use_icon=\u00bboff\u00bb hover_enabled=\u00bb0&#8243; sticky_enabled=\u00bb0&#8243; custom_margin=\u00bb||5px||false|false\u00bb][\/et_pb_button][\/et_pb_column][et_pb_column type=\u00bb1_3&#8243; _builder_version=\u00bb4.27.0&#8243; _module_preset=\u00bbdefault\u00bb global_colors_info=\u00bb{}\u00bb theme_builder_area=\u00bbpost_content\u00bb][et_pb_heading title=\u00bbBizBarcelona 2014&#8243; _builder_version=\u00bb4.27.5&#8243; _module_preset=\u00bbdefault\u00bb theme_builder_area=\u00bbpost_content\u00bb hover_enabled=\u00bb0&#8243; sticky_enabled=\u00bb0&#8243; title_level=\u00bbh3&#8243; title_font_size=\u00bb24px\u00bb custom_margin=\u00bb||5px|||\u00bb][\/et_pb_heading][et_pb_text _builder_version=\u00bb4.27.5&#8243; _module_preset=\u00bbdefault\u00bb theme_builder_area=\u00bbpost_content\u00bb text_font_size=\u00bb18px\u00bb text_line_height=\u00bb1.6em\u00bb hover_enabled=\u00bb0&#8243; sticky_enabled=\u00bb0&#8243; custom_margin=\u00bb||10px||false|false\u00bb]<\/p>\n<p><span data-contrast=\"auto\" xml:lang=\"CA-ES\" lang=\"CA-ES\" class=\"TextRun SCXW56278240 BCX8\">El evento crece y consolida su propuesta: m\u00e1s startups y pymes conectadas, sesiones de formaci\u00f3n y una participaci\u00f3n m\u00e1s activa de los asistentes.<\/span><span class=\"EOP SCXW56278240 BCX8\" data-ccp-props=\"{}\"> <\/span><\/p>\n<p>[\/et_pb_text][et_pb_button button_text=\u00bbDescubre el impacto \u00bb _builder_version=\u00bb4.27.5&#8243; _module_preset=\u00bbdefault\u00bb theme_builder_area=\u00bbpost_content\u00bb button_url=\u00bbhttps:\/\/reempresa.org\/es\/reempresa\/bizbarcelona\/bizbarcelona-2014\/\u00bb url_new_window=\u00bbon\u00bb custom_button=\u00bbon\u00bb button_bg_color=\u00bbRGBA(255,255,255,0)\u00bb button_bg_enable_color=\u00bbon\u00bb button_text_color=\u00bbgcid-primary-color\u00bb global_colors_info=\u00bb{%22gcid-primary-color%22:%91%22button_text_color%22%93}\u00bb button_font=\u00bb||||on||||\u00bb custom_padding=\u00bb0px|0px|0px|0px|true|true\u00bb button_text_size=\u00bb17px\u00bb button_use_icon=\u00bboff\u00bb hover_enabled=\u00bb0&#8243; sticky_enabled=\u00bb0&#8243; custom_margin=\u00bb||5px||false|false\u00bb][\/et_pb_button][\/et_pb_column][et_pb_column type=\u00bb1_3&#8243; _builder_version=\u00bb4.27.0&#8243; _module_preset=\u00bbdefault\u00bb global_colors_info=\u00bb{}\u00bb theme_builder_area=\u00bbpost_content\u00bb][et_pb_heading title=\u00bbBizBarcelona 2013&#8243; _builder_version=\u00bb4.27.5&#8243; _module_preset=\u00bbdefault\u00bb theme_builder_area=\u00bbpost_content\u00bb hover_enabled=\u00bb0&#8243; sticky_enabled=\u00bb0&#8243; title_level=\u00bbh3&#8243; title_font_size=\u00bb24px\u00bb custom_margin=\u00bb||5px|||\u00bb][\/et_pb_heading][et_pb_text _builder_version=\u00bb4.27.5&#8243; _module_preset=\u00bbdefault\u00bb theme_builder_area=\u00bbpost_content\u00bb text_font_size=\u00bb18px\u00bb text_line_height=\u00bb1.6em\u00bb hover_enabled=\u00bb0&#8243; sticky_enabled=\u00bb0&#8243; custom_margin=\u00bb||10px||false|false\u00bb]<\/p>\n<p><span data-contrast=\"auto\" xml:lang=\"CA-ES\" lang=\"CA-ES\" class=\"TextRun SCXW43547447 BCX8\">Primer a\u00f1o del evento, BizBarcelona sent\u00f3 las bases para conectar emprendedores y pymes con oportunidades de negocio y networking<span class=\"NormalTextRun SCXW43547447 BCX8\">. Marc\u00f3 el inicio de una comunidad empresarial m\u00e1s unida y din\u00e1mica.<\/span><\/span><span class=\"EOP SCXW43547447 BCX8\" data-ccp-props=\"{}\"> <\/span><\/p>\n<p>[\/et_pb_text][et_pb_button button_text=\u00bbDescubre el impacto \u00bb _builder_version=\u00bb4.27.5&#8243; _module_preset=\u00bbdefault\u00bb theme_builder_area=\u00bbpost_content\u00bb button_url=\u00bbhttps:\/\/reempresa.org\/es\/reempresa\/bizbarcelona\/bizbarcelona-2013\/\u00bb url_new_window=\u00bbon\u00bb custom_button=\u00bbon\u00bb button_bg_color=\u00bbRGBA(255,255,255,0)\u00bb button_bg_enable_color=\u00bbon\u00bb button_text_color=\u00bbgcid-primary-color\u00bb global_colors_info=\u00bb{%22gcid-primary-color%22:%91%22button_text_color%22%93}\u00bb button_font=\u00bb||||on||||\u00bb custom_padding=\u00bb0px|0px|0px|0px|true|true\u00bb button_text_size=\u00bb17px\u00bb button_use_icon=\u00bboff\u00bb hover_enabled=\u00bb0&#8243; sticky_enabled=\u00bb0&#8243; custom_margin=\u00bb||5px||false|false\u00bb][\/et_pb_button][\/et_pb_column][\/et_pb_row][\/et_pb_section]<\/p>\n","protected":false},"excerpt":{"rendered":"<p>Reempresa a BizBarcelona: Encu\u00e9ntranos en BizBarcelona y descubre como Reempresa impulsa el traspaso de negocios. \u00a1Vis\u00edtanos y conoce nuestras soluciones! <\/p>\n","protected":false},"author":2,"featured_media":17879,"parent":18092,"menu_order":0,"comment_status":"closed","ping_status":"closed","template":"","meta":{"_et_pb_use_builder":"on","_et_pb_old_content":"","_et_gb_content_width":"","footnotes":""},"categoria":[13,26],"actualitat":[],"class_list":["post-18110","page","type-page","status-publish","has-post-thumbnail","hentry","categoria-reempresa","categoria-sub-page-video"],"_links":{"self":[{"href":"https:\/\/reempresa.org\/es\/wp-json\/wp\/v2\/pages\/18110","targetHints":{"allow":["GET"]}}],"collection":[{"href":"https:\/\/reempresa.org\/es\/wp-json\/wp\/v2\/pages"}],"about":[{"href":"https:\/\/reempresa.org\/es\/wp-json\/wp\/v2\/types\/page"}],"author":[{"embeddable":true,"href":"https:\/\/reempresa.org\/es\/wp-json\/wp\/v2\/users\/2"}],"replies":[{"embeddable":true,"href":"https:\/\/reempresa.org\/es\/wp-json\/wp\/v2\/comments?post=18110"}],"version-history":[{"count":9,"href":"https:\/\/reempresa.org\/es\/wp-json\/wp\/v2\/pages\/18110\/revisions"}],"predecessor-version":[{"id":20574,"href":"https:\/\/reempresa.org\/es\/wp-json\/wp\/v2\/pages\/18110\/revisions\/20574"}],"up":[{"embeddable":true,"href":"https:\/\/reempresa.org\/es\/wp-json\/wp\/v2\/pages\/18092"}],"wp:featuredmedia":[{"embeddable":true,"href":"https:\/\/reempresa.org\/es\/wp-json\/wp\/v2\/media\/17879"}],"wp:attachment":[{"href":"https:\/\/reempresa.org\/es\/wp-json\/wp\/v2\/media?parent=18110"}],"wp:term":[{"taxonomy":"categoria","embeddable":true,"href":"https:\/\/reempresa.org\/es\/wp-json\/wp\/v2\/categoria?post=18110"},{"taxonomy":"actualitat","embeddable":true,"href":"https:\/\/reempresa.org\/es\/wp-json\/wp\/v2\/actualitat?post=18110"}],"curies":[{"name":"wp","href":"https:\/\/api.w.org\/{rel}","templated":true}]}}